{"id":3,"date":"2026-02-18T09:15:51","date_gmt":"2026-02-18T09:15:51","guid":{"rendered":"http:\/\/www.amapvitry.fr\/?page_id=3"},"modified":"2026-02-18T17:01:40","modified_gmt":"2026-02-18T17:01:40","slug":"mentions-legales","status":"publish","type":"page","link":"https:\/\/www.amapvitry.fr\/index.php\/mentions-legales\/","title":{"rendered":"Mentions l\u00e9gales"},"content":{"rendered":"\n<h4 class=\"wp-block-heading\">1. \u00c9diteur du site<\/h4>\n\n\n\n<p>Le pr\u00e9sent site est \u00e9dit\u00e9 par :<\/p>\n\n\n\n<p><strong>ASSOCIATION POUR LE MAINTIEN DE L&rsquo;AGRICULTURE PAYSANNE (AMAP) DU PAYS VITRYAT<\/strong><br>Association loi 1901<\/p>\n\n\n\n<p>Num\u00e9ro RNA : W514000713<br>N\u00b0 de parution : 20150014<br>N\u00b0 d\u2019annonce : 834<br>Date de d\u00e9claration : 22 mars 2015<br>Lieu de d\u00e9claration : Sous-pr\u00e9fecture de Vitry-le-Fran\u00e7ois<\/p>\n\n\n\n<p>Si\u00e8ge social : 1, rue Sainte Genevi\u00e8ve, 51300 Vitry-en-Perthois, France<br>D\u00e9partement : Marne<br>Pr\u00e9sidente et directrice de la publication : Madame Danielle LEGRIS (<a href=\"mailto:amap.paysvitryat@outlook.fr\" target=\"_blank\" rel=\"noreferrer noopener\">amap.paysvitryat@outlook.fr<\/a>)<\/p>\n\n\n\n<hr class=\"wp-block-separator has-alpha-channel-opacity\"\/>\n\n\n\n<h4 class=\"wp-block-heading\">2. Objet de l\u2019association<\/h4>\n\n\n\n<p>L\u2019association a pour objet :<\/p>\n\n\n\n<p>Regrouper des consommateurs conscients et d\u00e9sireux de s&rsquo;impliquer dans l&rsquo;\u00e9conomie sociale et solidaire ; respecter et faire respecter les principes de la Charte des AMAP dont les points principaux sont :<\/p>\n\n\n\n<ul class=\"wp-block-list\">\n<li>Soutenir une agriculture paysanne de proximit\u00e9 socialement \u00e9quitable et \u00e9cologiquement saine ;<\/li>\n\n\n\n<li>Passer un contrat \u00e9crit entre chaque consommateur et le(s) producteur(s) bas\u00e9(s) sur un engagement r\u00e9ciproque ;<\/li>\n\n\n\n<li>Assurer la fourniture de paniers de qualit\u00e9 gustative et sanitaire ;<\/li>\n\n\n\n<li>Garantir la transparence des actes d&rsquo;achat, de production, de transformation et de vente ;<\/li>\n\n\n\n<li>Respecter l&rsquo;environnement et maintenir la biodiversit\u00e9 ;<\/li>\n\n\n\n<li>Mettre en relation les adh\u00e9rents et les producteurs ;<\/li>\n\n\n\n<li>Organiser les relations entre partenaires et la distribution des produits dans le cadre d&rsquo;une gestion d\u00e9sint\u00e9ress\u00e9e ;<\/li>\n\n\n\n<li>Contribuer au lien social par des animations et moments d\u2019\u00e9change.<\/li>\n<\/ul>\n\n\n\n<p>L\u2019association ne participe pas \u00e0 l\u2019achat et \u00e0 la vente des denr\u00e9es.<\/p>\n\n\n\n<hr class=\"wp-block-separator has-alpha-channel-opacity\"\/>\n\n\n\n<h4 class=\"wp-block-heading\">3. H\u00e9bergement du site<\/h4>\n\n\n\n<p>Le site est h\u00e9berg\u00e9 par :<\/p>\n\n\n\n<p>OVHcloud<br>SAS au capital de 10 174 560 \u20ac<br>RCS Lille M\u00e9tropole 424 761 419 00045<br>Si\u00e8ge social : 2 rue Kellermann \u2013 59100 Roubaix \u2013 France<br>Code APE 6202A    n\u00b0 TVA : FR 22 424 761 419<br>Site web : <a href=\"https:\/\/www.ovhcloud.com\">https:\/\/www.ovhcloud.com<\/a><\/p>\n\n\n\n<hr class=\"wp-block-separator has-alpha-channel-opacity\"\/>\n\n\n\n<h4 class=\"wp-block-heading\">4. Propri\u00e9t\u00e9 intellectuelle<\/h4>\n\n\n\n<p>L\u2019ensemble des contenus pr\u00e9sents sur le site (textes, images, graphismes, logo, documents t\u00e9l\u00e9chargeables, etc.) sont la propri\u00e9t\u00e9 exclusive de l\u2019AMAP du Pays Vitryat et de ses producteurs, sauf mentions contraires.<\/p>\n\n\n\n<p>Toute reproduction, repr\u00e9sentation, modification, publication ou adaptation, totale ou partielle, des \u00e9l\u00e9ments du site est interdite sans autorisation \u00e9crite pr\u00e9alable.<\/p>\n\n\n\n<hr class=\"wp-block-separator has-alpha-channel-opacity\"\/>\n\n\n\n<h4 class=\"wp-block-heading\">5. Donn\u00e9es personnelles<\/h4>\n\n\n\n<p>Le site ne collecte pas de donn\u00e9es personnelles \u00e0 des fins commerciales.<\/p>\n\n\n\n<p>Si un formulaire de contact est mis en place, les donn\u00e9es transmises seront utilis\u00e9es uniquement pour r\u00e9pondre aux demandes et ne seront ni c\u00e9d\u00e9es ni vendues \u00e0 des tiers.<\/p>\n\n\n\n<p>Conform\u00e9ment au R\u00e8glement G\u00e9n\u00e9ral sur la Protection des Donn\u00e9es (RGPD) et \u00e0 la loi Informatique et Libert\u00e9s, vous disposez d\u2019un droit d\u2019acc\u00e8s, de rectification et de suppression des donn\u00e9es vous concernant.<\/p>\n\n\n\n<p>Pour toute demande relative aux donn\u00e9es personnelles, vous pouvez contacter : <br><a href=\"mailto:amap.paysvitryat@outlook.fr\" target=\"_blank\" rel=\"noreferrer noopener\">amap.paysvitryat@outlook.fr<\/a><\/p>\n\n\n\n<hr class=\"wp-block-separator has-alpha-channel-opacity\"\/>\n\n\n\n<h4 class=\"wp-block-heading\">6. Cookies<\/h4>\n\n\n\n<p>Le site n\u2019utilise pas de cookies de suivi, de mesure d\u2019audience ou publicitaires.<\/p>\n\n\n\n<p>Seuls des cookies techniques strictement n\u00e9cessaires au bon fonctionnement du site peuvent \u00eatre utilis\u00e9s le cas \u00e9ch\u00e9ant.<\/p>\n\n\n\n<hr class=\"wp-block-separator has-alpha-channel-opacity\"\/>\n\n\n\n<h4 class=\"wp-block-heading\">7. Responsabilit\u00e9<\/h4>\n\n\n\n<p>L\u2019AMAP du Pays Vitryat s\u2019efforce de fournir des informations aussi pr\u00e9cises que possible. Toutefois, elle ne pourra \u00eatre tenue responsable des omissions, inexactitudes ou carences dans la mise \u00e0 jour.<\/p>\n\n\n\n<p>L\u2019association ne pourra \u00eatre tenue responsable des dommages directs ou indirects li\u00e9s \u00e0 l\u2019utilisation du site.<\/p>\n","protected":false},"excerpt":{"rendered":"<p>1. \u00c9diteur du site Le pr\u00e9sent site est \u00e9dit\u00e9 par : ASSOCIATION POUR LE MAINTIEN DE L&rsquo;AGRICULTURE PAYSANNE (AMAP) DU PAYS VITRYATAssociation loi 1901 Num\u00e9ro RNA : W514000713N\u00b0 de parution : 20150014N\u00b0 d\u2019annonce : 834Date de d\u00e9claration : 22 mars 2015Lieu de d\u00e9claration : Sous-pr\u00e9fecture de Vitry-le-Fran\u00e7ois Si\u00e8ge social : 1, rue Sainte Genevi\u00e8ve, 51300 [&hellip;]<\/p>\n","protected":false},"author":1,"featured_media":0,"parent":0,"menu_order":0,"comment_status":"closed","ping_status":"open","template":"","meta":{"_themeisle_gutenberg_block_has_review":false,"footnotes":""},"class_list":["post-3","page","type-page","status-publish","hentry"],"_links":{"self":[{"href":"https:\/\/www.amapvitry.fr\/index.php\/wp-json\/wp\/v2\/pages\/3","targetHints":{"allow":["GET"]}}],"collection":[{"href":"https:\/\/www.amapvitry.fr\/index.php\/wp-json\/wp\/v2\/pages"}],"about":[{"href":"https:\/\/www.amapvitry.fr\/index.php\/wp-json\/wp\/v2\/types\/page"}],"author":[{"embeddable":true,"href":"https:\/\/www.amapvitry.fr\/index.php\/wp-json\/wp\/v2\/users\/1"}],"replies":[{"embeddable":true,"href":"https:\/\/www.amapvitry.fr\/index.php\/wp-json\/wp\/v2\/comments?post=3"}],"version-history":[{"count":1,"href":"https:\/\/www.amapvitry.fr\/index.php\/wp-json\/wp\/v2\/pages\/3\/revisions"}],"predecessor-version":[{"id":221,"href":"https:\/\/www.amapvitry.fr\/index.php\/wp-json\/wp\/v2\/pages\/3\/revisions\/221"}],"wp:attachment":[{"href":"https:\/\/www.amapvitry.fr\/index.php\/wp-json\/wp\/v2\/media?parent=3"}],"curies":[{"name":"wp","href":"https:\/\/api.w.org\/{rel}","templated":true}]}}